{"id":2157,"date":"2025-10-09T11:01:54","date_gmt":"2025-10-09T17:01:54","guid":{"rendered":"https:\/\/karlaquintana.org\/?page_id=2157"},"modified":"2025-10-09T11:14:11","modified_gmt":"2025-10-09T17:14:11","slug":"arabic","status":"publish","type":"page","link":"https:\/\/karlaquintana.org\/en\/arabic\/","title":{"rendered":"Bio"},"content":{"rendered":"<div data-elementor-type=\"wp-page\" data-elementor-id=\"2157\" class=\"elementor elementor-2157\" data-elementor-post-type=\"page\">\n\t\t\t\t<div class=\"elementor-element elementor-element-a1b56de e-flex e-con-boxed e-con e-parent\" data-id=\"a1b56de\" data-element_type=\"container\" data-e-type=\"container\">\n\t\t\t\t\t<div class=\"e-con-inner\">\n\t\t<div class=\"elementor-element elementor-element-2be6888 e-con-full e-flex e-con e-child\" data-id=\"2be6888\" data-element_type=\"container\" data-e-type=\"container\">\n\t\t<div class=\"elementor-element elementor-element-037296c e-con-full e-flex elementor-invisible e-con e-child\" data-id=\"037296c\" data-element_type=\"container\" data-e-type=\"container\" data-settings=\"{&quot;background_background&quot;:&quot;classic&quot;,&quot;animation&quot;:&quot;fadeInLeft&quot;}\">\n\t\t\t\t<\/div>\n\t\t\t\t<div class=\"elementor-element elementor-element-094e329 elementor-widget elementor-widget-text-editor\" data-id=\"094e329\" data-element_type=\"widget\" data-e-type=\"widget\" data-widget_type=\"text-editor.default\">\n\t\t\t\t<div class=\"elementor-widget-container\">\n\t\t\t\t\t\t\t\t\t<p>Photography by: <strong>J. Hilton<\/strong><\/p>\t\t\t\t\t\t\t\t<\/div>\n\t\t\t\t<\/div>\n\t\t\t\t<\/div>\n\t\t<div class=\"elementor-element elementor-element-1e54c12 e-con-full e-flex elementor-invisible e-con e-child\" data-id=\"1e54c12\" data-element_type=\"container\" data-e-type=\"container\" data-settings=\"{&quot;animation&quot;:&quot;fadeInRight&quot;,&quot;animation_delay&quot;:0}\">\n\t\t\t\t<div class=\"elementor-element elementor-element-cda1777 elementor-widget-laptop__width-initial elementor-invisible elementor-widget elementor-widget-text-editor\" data-id=\"cda1777\" data-element_type=\"widget\" data-e-type=\"widget\" data-settings=\"{&quot;_animation&quot;:&quot;fadeIn&quot;,&quot;_animation_delay&quot;:400}\" data-widget_type=\"text-editor.default\">\n\t\t\t\t<div class=\"elementor-widget-container\">\n\t\t\t\t\t\t\t\t\t<p><span data-contrast=\"auto\">Quintana (born April 11, 1978) is a Mexican human rights expert and legal scholar with extensive experience in international human rights and humanitarian law, transitional justice, and constitutional law. On 19 December 2024, she was appointed as Assistant Secretary-General of the United Nations, as Head of the Independent Institution on Missing Persons in the Syrian Arab Republic (IIMP).<\/span><span data-ccp-props=\"{&quot;335551550&quot;:6,&quot;335551620&quot;:6}\">\u00a0<\/span><\/p><p><span data-contrast=\"auto\">As the former National Commissioner for the Search of Missing Persons in Mexico (February 2019-August 2023), she led efforts to address over 100,000 cases of disappearances and more than 70,000 unidentified bodies. During her tenure, she developed public policies on search, human identification, and family participation. She also established the National Registry of Missing Persons and spearheaded key initiatives such as forensic interventions and contextual analysis. Previously, Quintana served as Head of the Victims\u2019 Federal Public Defense in Mexico, where she led initiatives to enhance access to justice, psychosocial support, and reparations for victims of federal crimes and human rights violations.\u202f<\/span><span data-ccp-props=\"{&quot;335551550&quot;:6,&quot;335551620&quot;:6}\">\u00a0<\/span><\/p><p><span data-contrast=\"auto\">She also served as a law clerk at the Supreme Court of Justice of Mexico, where she contributed to landmark decisions that advanced standards regarding violence against women, torture, discrimination, migration, liberty, and freedom of expression.<\/span><span data-ccp-props=\"{&quot;335551550&quot;:6,&quot;335551620&quot;:6}\">\u00a0<\/span><\/p><p><span data-contrast=\"auto\">Earlier in her career, at the Inter-American Commission on Human Rights, Quintana litigated cases of systemic human rights violations before the Inter-American Court of Human Rights. Additionally, she worked as an Anti-Corruption Investigator in the Integrity Vice Presidency of the World Bank, strengthening accountability in international development projects.\u00a0 She was also an attorney for the Inter-American Court of Human Rights.<\/span><span data-ccp-props=\"{&quot;335551550&quot;:6,&quot;335551620&quot;:6}\">\u00a0<\/span><\/p><p><span data-contrast=\"auto\">As a scholar, Quintana was an Associate Researcher at El Colegio de M\u00e9xico, focusing on transitional justice and disappearances. She has also been a Constitutional and International Law professor at the National Autonomous University of Mexico (UNAM), at the Facultad Latinoamericana de Ciencias Sociales (FLACSO), and at the Instituto Tecon\u00f3logico Aut\u00f3nomo de M\u00e9xico (ITAM). She has written two books: <\/span>&#8220;Conventionality Control in Inter-American and Mexican Law&#8221;\u00a0 and &#8220;Disappearing in Mexico: X-ray of Violence and State Crisis&#8221; (forthcoming)<\/p><p><span data-contrast=\"auto\">She holds a Doctorate in Law (SJD) from UNAM, a Master of Laws (LLM) from Harvard University, a master&#8217;s degree in Gender Studies from the University of Barcelona, and a Law degree and a Hispanic Literature degree, both at UNAM.\u202fShe is fluent in Spanish and English and possesses working proficiency in Italian and French<\/span><\/p><p>\u00a0<\/p><p>\u00a0<\/p><p>\u00a0<\/p><p>\u00a0<\/p><p>\u00a0<\/p><p>\u00a0<\/p><p>\u00a0<\/p><p>\u00a0<\/p><p>\u00a0<\/p><p>Quintana (nacida el 11 de abril de 1978) es una experta mexicana en derechos humanos y acad\u00e9mica del derecho con amplia experiencia en derecho internacional de los derechos humanos y humanitario, justicia transicional y derecho constitucional. El 19 de diciembre de 2024 fue nombrada Subsecretaria General de las Naciones Unidas, como Jefa de la Instituci\u00f3n Independiente para Personas Desaparecidas en la Rep\u00fablica \u00c1rabe Siria (IIMP).<\/p><p data-start=\"439\" data-end=\"1209\">Como Comisionada Nacional de B\u00fasqueda de Personas en M\u00e9xico (febrero de 2019-agosto de 2023), encabez\u00f3 los esfuerzos para atender m\u00e1s de 100,000 casos de desapariciones y m\u00e1s de 70,000 cuerpos no identificados. Durante su gesti\u00f3n, desarroll\u00f3 pol\u00edticas p\u00fablicas en materia de b\u00fasqueda, identificaci\u00f3n humana y participaci\u00f3n de las familias. Asimismo, estableci\u00f3 el Registro Nacional de Personas Desaparecidas y lider\u00f3 iniciativas clave como intervenciones forenses y an\u00e1lisis contextuales. Previamente, Quintana se desempe\u00f1\u00f3 como titular de la Defensa P\u00fablica Federal de V\u00edctimas en M\u00e9xico, donde impuls\u00f3 iniciativas para mejorar el acceso a la justicia, el acompa\u00f1amiento psicosocial y las reparaciones a v\u00edctimas de delitos federales y violaciones a derechos humanos.<\/p><p data-start=\"1211\" data-end=\"1510\">Tambi\u00e9n trabaj\u00f3 como secretaria de estudio y cuenta en la Suprema Corte de Justicia de la Naci\u00f3n de M\u00e9xico, donde contribuy\u00f3 a sentencias emblem\u00e1ticas que fortalecieron los est\u00e1ndares en materia de violencia contra las mujeres, tortura, discriminaci\u00f3n, migraci\u00f3n, libertad y libertad de expresi\u00f3n.<\/p><p data-start=\"1512\" data-end=\"1977\">En etapas anteriores de su carrera, en la Comisi\u00f3n Interamericana de Derechos Humanos, Quintana litig\u00f3 casos de violaciones sistem\u00e1ticas de derechos humanos ante la Corte Interamericana de Derechos Humanos. Adem\u00e1s, trabaj\u00f3 como investigadora anticorrupci\u00f3n en la Vicepresidencia de Integridad del Banco Mundial, fortaleciendo la rendici\u00f3n de cuentas en proyectos internacionales de desarrollo. Asimismo, fue abogada de la Corte Interamericana de Derechos Humanos.<\/p><p data-start=\"1979\" data-end=\"2546\">Como acad\u00e9mica, Quintana fue investigadora asociada en El Colegio de M\u00e9xico, enfoc\u00e1ndose en justicia transicional y desapariciones. Tambi\u00e9n ha sido profesora de Derecho Constitucional e Internacional en la Universidad Nacional Aut\u00f3noma de M\u00e9xico (UNAM), en la Facultad Latinoamericana de Ciencias Sociales (FLACSO) y en el Instituto Tecnol\u00f3gico Aut\u00f3nomo de M\u00e9xico (ITAM). Ha escrito dos libros: <em data-start=\"2374\" data-end=\"2443\">Control de convencionalidad en el Derecho Interamericano y Mexicano<\/em> and <em data-start=\"2446\" data-end=\"2515\">Desaparecer en M\u00e9xico: Radiograf\u00eda de violencias y crisis de Estado<\/em> (en proceso de publicaci\u00f3n). Es Doctora en Derecho (SJD) por la UNAM, tiene una Maestr\u00eda en Derecho (LLM) por la Universidad de Harvard, una maestr\u00eda en Estudios de G\u00e9nero por la Universidad de Barcelona, y las licenciaturas en Derecho y en Literatura Hisp\u00e1nica, ambas en la UNAM. Habla espa\u00f1ol e ingl\u00e9s con fluidez y tiene dominio profesional de italiano y franc\u00e9s.<\/p>\t\t\t\t\t\t\t\t<\/div>\n\t\t\t\t<\/div>\n\t\t\t\t<\/div>\n\t\t\t\t\t<\/div>\n\t\t\t\t<\/div>\n\t\t<div class=\"elementor-element elementor-element-edc98c7 e-flex e-con-boxed e-con e-parent\" data-id=\"edc98c7\" data-element_type=\"container\" data-e-type=\"container\" data-settings=\"{&quot;background_background&quot;:&quot;classic&quot;}\">\n\t\t\t\t\t<div class=\"e-con-inner\">\n\t\t\t\t<div class=\"elementor-element elementor-element-16a7f48 elementor-invisible elementor-widget elementor-widget-heading\" data-id=\"16a7f48\" data-element_type=\"widget\" data-e-type=\"widget\" data-settings=\"{&quot;_animation&quot;:&quot;fadeIn&quot;,&quot;_animation_delay&quot;:200}\" data-widget_type=\"heading.default\">\n\t\t\t\t<div class=\"elementor-widget-container\">\n\t\t\t\t\t<h3 class=\"elementor-heading-title elementor-size-default\">Social Media<\/h3>\t\t\t\t<\/div>\n\t\t\t\t<\/div>\n\t\t\t\t<div class=\"elementor-element elementor-element-da9c244 elementor-widget-divider--view-line elementor-invisible elementor-widget elementor-widget-divider\" data-id=\"da9c244\" data-element_type=\"widget\" data-e-type=\"widget\" data-settings=\"{&quot;_animation&quot;:&quot;fadeInLeft&quot;}\" data-widget_type=\"divider.default\">\n\t\t\t\t<div class=\"elementor-widget-container\">\n\t\t\t\t\t\t\t<div class=\"elementor-divider\">\n\t\t\t<span class=\"elementor-divider-separator\">\n\t\t\t\t\t\t<\/span>\n\t\t<\/div>\n\t\t\t\t\t\t<\/div>\n\t\t\t\t<\/div>\n\t\t\t\t<div class=\"elementor-element elementor-element-fc2cc26 elementor-shape-circle elementor-grid-0 e-grid-align-center elementor-widget elementor-widget-social-icons\" data-id=\"fc2cc26\" data-element_type=\"widget\" data-e-type=\"widget\" data-widget_type=\"social-icons.default\">\n\t\t\t\t<div class=\"elementor-widget-container\">\n\t\t\t\t\t\t\t<div class=\"elementor-social-icons-wrapper elementor-grid\" role=\"list\">\n\t\t\t\t\t\t\t<span class=\"elementor-grid-item\" role=\"listitem\">\n\t\t\t\t\t<a class=\"elementor-icon elementor-social-icon elementor-social-icon-facebook elementor-repeater-item-9f3d382\" href=\"https:\/\/www.facebook.com\/p\/Karla-I-Quintana-Osuna-100057215059247\/\" target=\"_blank\">\n\t\t\t\t\t\t<span class=\"elementor-screen-only\">Facebook<\/span>\n\t\t\t\t\t\t<svg aria-hidden=\"true\" class=\"e-font-icon-svg e-fab-facebook\" viewbox=\"0 0 512 512\" xmlns=\"http:\/\/www.w3.org\/2000\/svg\"><path d=\"M504 256C504 119 393 8 256 8S8 119 8 256c0 123.78 90.69 226.38 209.25 245V327.69h-63V256h63v-54.64c0-62.15 37-96.48 93.67-96.48 27.14 0 55.52 4.84 55.52 4.84v61h-31.28c-30.8 0-40.41 19.12-40.41 38.73V256h68.78l-11 71.69h-57.78V501C413.31 482.38 504 379.78 504 256z\"><\/path><\/svg>\t\t\t\t\t<\/a>\n\t\t\t\t<\/span>\n\t\t\t\t\t\t\t<span class=\"elementor-grid-item\" role=\"listitem\">\n\t\t\t\t\t<a class=\"elementor-icon elementor-social-icon elementor-social-icon-x-twitter elementor-repeater-item-4e6ca9f\" href=\"https:\/\/x.com\/kiquinta?lang=es\" target=\"_blank\">\n\t\t\t\t\t\t<span class=\"elementor-screen-only\">X-twitter<\/span>\n\t\t\t\t\t\t<svg aria-hidden=\"true\" class=\"e-font-icon-svg e-fab-x-twitter\" viewbox=\"0 0 512 512\" xmlns=\"http:\/\/www.w3.org\/2000\/svg\"><path d=\"M389.2 48h70.6L305.6 224.2 487 464H345L233.7 318.6 106.5 464H35.8L200.7 275.5 26.8 48H172.4L272.9 180.9 389.2 48zM364.4 421.8h39.1L151.1 88h-42L364.4 421.8z\"><\/path><\/svg>\t\t\t\t\t<\/a>\n\t\t\t\t<\/span>\n\t\t\t\t\t\t\t<span class=\"elementor-grid-item\" role=\"listitem\">\n\t\t\t\t\t<a class=\"elementor-icon elementor-social-icon elementor-social-icon-linkedin elementor-repeater-item-0ef410c\" href=\"https:\/\/www.linkedin.com\/in\/karla-quintana-osuna-169269a\/?trk=public-profile-join-page\" target=\"_blank\">\n\t\t\t\t\t\t<span class=\"elementor-screen-only\">Linkedin<\/span>\n\t\t\t\t\t\t<svg aria-hidden=\"true\" class=\"e-font-icon-svg e-fab-linkedin\" viewbox=\"0 0 448 512\" xmlns=\"http:\/\/www.w3.org\/2000\/svg\"><path d=\"M416 32H31.9C14.3 32 0 46.5 0 64.3v383.4C0 465.5 14.3 480 31.9 480H416c17.6 0 32-14.5 32-32.3V64.3c0-17.8-14.4-32.3-32-32.3zM135.4 416H69V202.2h66.5V416zm-33.2-243c-21.3 0-38.5-17.3-38.5-38.5S80.9 96 102.2 96c21.2 0 38.5 17.3 38.5 38.5 0 21.3-17.2 38.5-38.5 38.5zm282.1 243h-66.4V312c0-24.8-.5-56.7-34.5-56.7-34.6 0-39.9 27-39.9 54.9V416h-66.4V202.2h63.7v29.2h.9c8.9-16.8 30.6-34.5 62.9-34.5 67.2 0 79.7 44.3 79.7 101.9V416z\"><\/path><\/svg>\t\t\t\t\t<\/a>\n\t\t\t\t<\/span>\n\t\t\t\t\t\t\t<span class=\"elementor-grid-item\" role=\"listitem\">\n\t\t\t\t\t<a class=\"elementor-icon elementor-social-icon elementor-social-icon- elementor-repeater-item-f08b572\" href=\"https:\/\/unam1.academia.edu\/KarlaQuintana\" target=\"_blank\">\n\t\t\t\t\t\t<span class=\"elementor-screen-only\"><\/span>\n\t\t\t\t\t\t<svg xmlns=\"http:\/\/www.w3.org\/2000\/svg\" width=\"34.2\" height=\"32.78\" viewbox=\"0 0 34.2 32.78\"><g id=\"Capa_2\" data-name=\"Capa 2\"><g id=\"Capa_1-2\" data-name=\"Capa 1\"><path d=\"M31.43,29.45,19.65,0H11.19c.46,1.14.91,2.28,1.38,3.42a.61.61,0,0,1,0,.57Q7.53,16.83,2.49,29.68c-.36,1-1.55,1.26-2.49,1.4v1.7H9.74c0-.57,0-1.14,0-1.71a7.44,7.44,0,0,1-2.48-.44,1.36,1.36,0,0,1-.88-1.13,5.06,5.06,0,0,1,.7-2.41c.55-1.37,1-2.76,1.53-4.15H20.54c.57,1.48,1.19,2.94,1.72,4.43.24.9.62,2-.05,2.79-.85.91-2.2.85-3.34.94v1.68H34.2v-1.7C33.13,30.94,31.83,30.59,31.43,29.45ZM9.76,19.7c1.6-4,3.13-8,4.63-12q2.41,6,4.82,12Z\"><\/path><\/g><\/g><\/svg>\t\t\t\t\t<\/a>\n\t\t\t\t<\/span>\n\t\t\t\t\t\t\t<span class=\"elementor-grid-item\" role=\"listitem\">\n\t\t\t\t\t<a class=\"elementor-icon elementor-social-icon elementor-social-icon-envelope elementor-repeater-item-0469f64\" href=\"mailto:quintanaosunakarla@gmail.com\" target=\"_blank\">\n\t\t\t\t\t\t<span class=\"elementor-screen-only\">Envelope<\/span>\n\t\t\t\t\t\t<svg aria-hidden=\"true\" class=\"e-font-icon-svg e-fas-envelope\" viewbox=\"0 0 512 512\" xmlns=\"http:\/\/www.w3.org\/2000\/svg\"><path d=\"M502.3 190.8c3.9-3.1 9.7-.2 9.7 4.7V400c0 26.5-21.5 48-48 48H48c-26.5 0-48-21.5-48-48V195.6c0-5 5.7-7.8 9.7-4.7 22.4 17.4 52.1 39.5 154.1 113.6 21.1 15.4 56.7 47.8 92.2 47.6 35.7.3 72-32.8 92.3-47.6 102-74.1 131.6-96.3 154-113.7zM256 320c23.2.4 56.6-29.2 73.4-41.4 132.7-96.3 142.8-104.7 173.4-128.7 5.8-4.5 9.2-11.5 9.2-18.9v-19c0-26.5-21.5-48-48-48H48C21.5 64 0 85.5 0 112v19c0 7.4 3.4 14.3 9.2 18.9 30.6 23.9 40.7 32.4 173.4 128.7 16.8 12.2 50.2 41.8 73.4 41.4z\"><\/path><\/svg>\t\t\t\t\t<\/a>\n\t\t\t\t<\/span>\n\t\t\t\t\t\t\t<span class=\"elementor-grid-item\" role=\"listitem\">\n\t\t\t\t\t<a class=\"elementor-icon elementor-social-icon elementor-social-icon-phone-alt elementor-repeater-item-aefd26a\" href=\"tel:+525531339840\" target=\"_blank\">\n\t\t\t\t\t\t<span class=\"elementor-screen-only\">Phone-alt<\/span>\n\t\t\t\t\t\t<svg aria-hidden=\"true\" class=\"e-font-icon-svg e-fas-phone-alt\" viewbox=\"0 0 512 512\" xmlns=\"http:\/\/www.w3.org\/2000\/svg\"><path d=\"M497.39 361.8l-112-48a24 24 0 0 0-28 6.9l-49.6 60.6A370.66 370.66 0 0 1 130.6 204.11l60.6-49.6a23.94 23.94 0 0 0 6.9-28l-48-112A24.16 24.16 0 0 0 122.6.61l-104 24A24 24 0 0 0 0 48c0 256.5 207.9 464 464 464a24 24 0 0 0 23.4-18.6l24-104a24.29 24.29 0 0 0-14.01-27.6z\"><\/path><\/svg>\t\t\t\t\t<\/a>\n\t\t\t\t<\/span>\n\t\t\t\t\t<\/div>\n\t\t\t\t\t\t<\/div>\n\t\t\t\t<\/div>\n\t\t\t\t\t<\/div>\n\t\t\t\t<\/div>\n\t\t\t\t<\/div>","protected":false},"excerpt":{"rendered":"<p>Karla Quintana, ex Comisionada de B\u00fasqueda en M\u00e9xico, es experta en derechos humanos y derecho constitucional, y actualmente investigadora en El Colegio de M\u00e9xico.<\/p>","protected":false},"author":5,"featured_media":1694,"parent":0,"menu_order":0,"comment_status":"closed","ping_status":"closed","template":"","meta":{"footnotes":""},"class_list":["post-2157","page","type-page","status-publish","has-post-thumbnail","hentry"],"yoast_head":"<!-- This site is optimized with the Yoast SEO plugin v27.5 - https:\/\/yoast.com\/product\/yoast-seo-wordpress\/ -->\n<title>Karla Quintana - Bio<\/title>\n<meta name=\"description\" content=\"Ex Comisionada de B\u00fasqueda en M\u00e9xico, es experta en derechos humanos y constitucional. Actualmente investigadora en El Colegio de M\u00e9xico.\" \/>\n<meta name=\"robots\" content=\"index, follow, max-snippet:-1, max-image-preview:large, max-video-preview:-1\" \/>\n<link rel=\"canonical\" href=\"https:\/\/karlaquintana.org\/en\/arabic\/\" \/>\n<meta property=\"og:locale\" content=\"en_US\" \/>\n<meta property=\"og:type\" content=\"article\" \/>\n<meta property=\"og:title\" content=\"Karla Quintana - Bio\" \/>\n<meta property=\"og:description\" content=\"Ex Comisionada de B\u00fasqueda en M\u00e9xico, es experta en derechos humanos y constitucional. Actualmente investigadora en El Colegio de M\u00e9xico.\" \/>\n<meta property=\"og:url\" content=\"https:\/\/karlaquintana.org\/en\/arabic\/\" \/>\n<meta property=\"og:site_name\" content=\"Karla Quintana\" \/>\n<meta property=\"article:publisher\" content=\"https:\/\/www.facebook.com\/p\/Karla-I-Quintana-Osuna-100057215059247\/\" \/>\n<meta property=\"article:modified_time\" content=\"2025-10-09T17:14:11+00:00\" \/>\n<meta property=\"og:image\" content=\"https:\/\/karlaquintana.org\/wp-content\/uploads\/2024\/09\/karla-quintana-biografia-1.jpg\" \/>\n\t<meta property=\"og:image:width\" content=\"1707\" \/>\n\t<meta property=\"og:image:height\" content=\"2560\" \/>\n\t<meta property=\"og:image:type\" content=\"image\/jpeg\" \/>\n<meta name=\"twitter:card\" content=\"summary_large_image\" \/>\n<meta name=\"twitter:site\" content=\"@kiquinta\" \/>\n<meta name=\"twitter:label1\" content=\"Est. reading time\" \/>\n\t<meta name=\"twitter:data1\" content=\"4 minutes\" \/>\n<script type=\"application\/ld+json\" class=\"yoast-schema-graph\">{\"@context\":\"https:\\\/\\\/schema.org\",\"@graph\":[{\"@type\":\"WebPage\",\"@id\":\"https:\\\/\\\/karlaquintana.org\\\/arabic\\\/\",\"url\":\"https:\\\/\\\/karlaquintana.org\\\/arabic\\\/\",\"name\":\"Karla Quintana - Bio\",\"isPartOf\":{\"@id\":\"https:\\\/\\\/karlaquintana.org\\\/#website\"},\"primaryImageOfPage\":{\"@id\":\"https:\\\/\\\/karlaquintana.org\\\/arabic\\\/#primaryimage\"},\"image\":{\"@id\":\"https:\\\/\\\/karlaquintana.org\\\/arabic\\\/#primaryimage\"},\"thumbnailUrl\":\"https:\\\/\\\/karlaquintana.org\\\/wp-content\\\/uploads\\\/2024\\\/09\\\/karla-quintana-biografia-1.jpg\",\"datePublished\":\"2025-10-09T17:01:54+00:00\",\"dateModified\":\"2025-10-09T17:14:11+00:00\",\"description\":\"Ex Comisionada de B\u00fasqueda en M\u00e9xico, es experta en derechos humanos y constitucional. Actualmente investigadora en El Colegio de M\u00e9xico.\",\"breadcrumb\":{\"@id\":\"https:\\\/\\\/karlaquintana.org\\\/arabic\\\/#breadcrumb\"},\"inLanguage\":\"en-US\",\"potentialAction\":[{\"@type\":\"ReadAction\",\"target\":[\"https:\\\/\\\/karlaquintana.org\\\/arabic\\\/\"]}]},{\"@type\":\"ImageObject\",\"inLanguage\":\"en-US\",\"@id\":\"https:\\\/\\\/karlaquintana.org\\\/arabic\\\/#primaryimage\",\"url\":\"https:\\\/\\\/karlaquintana.org\\\/wp-content\\\/uploads\\\/2024\\\/09\\\/karla-quintana-biografia-1.jpg\",\"contentUrl\":\"https:\\\/\\\/karlaquintana.org\\\/wp-content\\\/uploads\\\/2024\\\/09\\\/karla-quintana-biografia-1.jpg\",\"width\":1707,\"height\":2560,\"caption\":\"Karla Quintana\"},{\"@type\":\"BreadcrumbList\",\"@id\":\"https:\\\/\\\/karlaquintana.org\\\/arabic\\\/#breadcrumb\",\"itemListElement\":[{\"@type\":\"ListItem\",\"position\":1,\"name\":\"Portada\",\"item\":\"https:\\\/\\\/karlaquintana.org\\\/\"},{\"@type\":\"ListItem\",\"position\":2,\"name\":\"Bio\"}]},{\"@type\":\"WebSite\",\"@id\":\"https:\\\/\\\/karlaquintana.org\\\/#website\",\"url\":\"https:\\\/\\\/karlaquintana.org\\\/\",\"name\":\"Karla Quintana\",\"description\":\"Karla Quintana experta en derechos humanos y derecho constitucional. Ex Comisionada de B\u00fasqueda de Personas Desaparecidas en M\u00e9xico y analista de JEP.\",\"publisher\":{\"@id\":\"https:\\\/\\\/karlaquintana.org\\\/#organization\"},\"alternateName\":\"Karla Quintana\",\"potentialAction\":[{\"@type\":\"SearchAction\",\"target\":{\"@type\":\"EntryPoint\",\"urlTemplate\":\"https:\\\/\\\/karlaquintana.org\\\/?s={search_term_string}\"},\"query-input\":{\"@type\":\"PropertyValueSpecification\",\"valueRequired\":true,\"valueName\":\"search_term_string\"}}],\"inLanguage\":\"en-US\"},{\"@type\":\"Organization\",\"@id\":\"https:\\\/\\\/karlaquintana.org\\\/#organization\",\"name\":\"Karla Quintana\",\"url\":\"https:\\\/\\\/karlaquintana.org\\\/\",\"logo\":{\"@type\":\"ImageObject\",\"inLanguage\":\"en-US\",\"@id\":\"https:\\\/\\\/karlaquintana.org\\\/#\\\/schema\\\/logo\\\/image\\\/\",\"url\":\"https:\\\/\\\/karlaquintana.org\\\/wp-content\\\/uploads\\\/2024\\\/07\\\/Logo-PNG-01.png\",\"contentUrl\":\"https:\\\/\\\/karlaquintana.org\\\/wp-content\\\/uploads\\\/2024\\\/07\\\/Logo-PNG-01.png\",\"width\":5784,\"height\":743,\"caption\":\"Karla Quintana\"},\"image\":{\"@id\":\"https:\\\/\\\/karlaquintana.org\\\/#\\\/schema\\\/logo\\\/image\\\/\"},\"sameAs\":[\"https:\\\/\\\/www.facebook.com\\\/p\\\/Karla-I-Quintana-Osuna-100057215059247\\\/\",\"https:\\\/\\\/x.com\\\/kiquinta\",\"https:\\\/\\\/unam1.academia.edu\\\/KarlaQuintana\",\"https:\\\/\\\/www.linkedin.com\\\/in\\\/karla-quintana-osuna-169269a\\\/\"]}]}<\/script>\n<!-- \/ Yoast SEO plugin. -->","yoast_head_json":{"title":"Karla Quintana - Bio","description":"Ex Comisionada de B\u00fasqueda en M\u00e9xico, es experta en derechos humanos y constitucional. Actualmente investigadora en El Colegio de M\u00e9xico.","robots":{"index":"index","follow":"follow","max-snippet":"max-snippet:-1","max-image-preview":"max-image-preview:large","max-video-preview":"max-video-preview:-1"},"canonical":"https:\/\/karlaquintana.org\/en\/arabic\/","og_locale":"en_US","og_type":"article","og_title":"Karla Quintana - Bio","og_description":"Ex Comisionada de B\u00fasqueda en M\u00e9xico, es experta en derechos humanos y constitucional. Actualmente investigadora en El Colegio de M\u00e9xico.","og_url":"https:\/\/karlaquintana.org\/en\/arabic\/","og_site_name":"Karla Quintana","article_publisher":"https:\/\/www.facebook.com\/p\/Karla-I-Quintana-Osuna-100057215059247\/","article_modified_time":"2025-10-09T17:14:11+00:00","og_image":[{"width":1707,"height":2560,"url":"https:\/\/karlaquintana.org\/wp-content\/uploads\/2024\/09\/karla-quintana-biografia-1.jpg","type":"image\/jpeg"}],"twitter_card":"summary_large_image","twitter_site":"@kiquinta","twitter_misc":{"Est. reading time":"4 minutes"},"schema":{"@context":"https:\/\/schema.org","@graph":[{"@type":"WebPage","@id":"https:\/\/karlaquintana.org\/arabic\/","url":"https:\/\/karlaquintana.org\/arabic\/","name":"Karla Quintana - Bio","isPartOf":{"@id":"https:\/\/karlaquintana.org\/#website"},"primaryImageOfPage":{"@id":"https:\/\/karlaquintana.org\/arabic\/#primaryimage"},"image":{"@id":"https:\/\/karlaquintana.org\/arabic\/#primaryimage"},"thumbnailUrl":"https:\/\/karlaquintana.org\/wp-content\/uploads\/2024\/09\/karla-quintana-biografia-1.jpg","datePublished":"2025-10-09T17:01:54+00:00","dateModified":"2025-10-09T17:14:11+00:00","description":"Ex Comisionada de B\u00fasqueda en M\u00e9xico, es experta en derechos humanos y constitucional. Actualmente investigadora en El Colegio de M\u00e9xico.","breadcrumb":{"@id":"https:\/\/karlaquintana.org\/arabic\/#breadcrumb"},"inLanguage":"en-US","potentialAction":[{"@type":"ReadAction","target":["https:\/\/karlaquintana.org\/arabic\/"]}]},{"@type":"ImageObject","inLanguage":"en-US","@id":"https:\/\/karlaquintana.org\/arabic\/#primaryimage","url":"https:\/\/karlaquintana.org\/wp-content\/uploads\/2024\/09\/karla-quintana-biografia-1.jpg","contentUrl":"https:\/\/karlaquintana.org\/wp-content\/uploads\/2024\/09\/karla-quintana-biografia-1.jpg","width":1707,"height":2560,"caption":"Karla Quintana"},{"@type":"BreadcrumbList","@id":"https:\/\/karlaquintana.org\/arabic\/#breadcrumb","itemListElement":[{"@type":"ListItem","position":1,"name":"Portada","item":"https:\/\/karlaquintana.org\/"},{"@type":"ListItem","position":2,"name":"Bio"}]},{"@type":"WebSite","@id":"https:\/\/karlaquintana.org\/#website","url":"https:\/\/karlaquintana.org\/","name":"Karla Quintana","description":"Karla Quintana experta en derechos humanos y derecho constitucional. Ex Comisionada de B\u00fasqueda de Personas Desaparecidas en M\u00e9xico y analista de JEP.","publisher":{"@id":"https:\/\/karlaquintana.org\/#organization"},"alternateName":"Karla Quintana","potentialAction":[{"@type":"SearchAction","target":{"@type":"EntryPoint","urlTemplate":"https:\/\/karlaquintana.org\/?s={search_term_string}"},"query-input":{"@type":"PropertyValueSpecification","valueRequired":true,"valueName":"search_term_string"}}],"inLanguage":"en-US"},{"@type":"Organization","@id":"https:\/\/karlaquintana.org\/#organization","name":"Karla Quintana","url":"https:\/\/karlaquintana.org\/","logo":{"@type":"ImageObject","inLanguage":"en-US","@id":"https:\/\/karlaquintana.org\/#\/schema\/logo\/image\/","url":"https:\/\/karlaquintana.org\/wp-content\/uploads\/2024\/07\/Logo-PNG-01.png","contentUrl":"https:\/\/karlaquintana.org\/wp-content\/uploads\/2024\/07\/Logo-PNG-01.png","width":5784,"height":743,"caption":"Karla Quintana"},"image":{"@id":"https:\/\/karlaquintana.org\/#\/schema\/logo\/image\/"},"sameAs":["https:\/\/www.facebook.com\/p\/Karla-I-Quintana-Osuna-100057215059247\/","https:\/\/x.com\/kiquinta","https:\/\/unam1.academia.edu\/KarlaQuintana","https:\/\/www.linkedin.com\/in\/karla-quintana-osuna-169269a\/"]}]}},"_links":{"self":[{"href":"https:\/\/karlaquintana.org\/en\/wp-json\/wp\/v2\/pages\/2157","targetHints":{"allow":["GET"]}}],"collection":[{"href":"https:\/\/karlaquintana.org\/en\/wp-json\/wp\/v2\/pages"}],"about":[{"href":"https:\/\/karlaquintana.org\/en\/wp-json\/wp\/v2\/types\/page"}],"author":[{"embeddable":true,"href":"https:\/\/karlaquintana.org\/en\/wp-json\/wp\/v2\/users\/5"}],"replies":[{"embeddable":true,"href":"https:\/\/karlaquintana.org\/en\/wp-json\/wp\/v2\/comments?post=2157"}],"version-history":[{"count":0,"href":"https:\/\/karlaquintana.org\/en\/wp-json\/wp\/v2\/pages\/2157\/revisions"}],"wp:featuredmedia":[{"embeddable":true,"href":"https:\/\/karlaquintana.org\/en\/wp-json\/wp\/v2\/media\/1694"}],"wp:attachment":[{"href":"https:\/\/karlaquintana.org\/en\/wp-json\/wp\/v2\/media?parent=2157"}],"curies":[{"name":"wp","href":"https:\/\/api.w.org\/{rel}","templated":true}]}}